{"id":542,"date":"2020-06-21T15:26:38","date_gmt":"2020-06-21T15:26:38","guid":{"rendered":"http:\/\/www.farkpen.com\/?page_id=542"},"modified":"2020-06-21T15:26:40","modified_gmt":"2020-06-21T15:26:40","slug":"vertex-deceuninck-cam-balkon-sistemleri","status":"publish","type":"page","link":"http:\/\/www.farkpen.com\/index.php\/vertex-deceuninck-cam-balkon-sistemleri\/","title":{"rendered":"VERTEX DECEUNINCK CAM BALKON S\u0130STEMLER\u0130"},"content":{"rendered":"\n<h3>Genel \u00d6zellikler<\/h3>\n\n\n\n<p>Vertex Sistemleri, 3 farkl\u0131 renk se\u00e7ene\u011fi ve manzaradan \u00f6d\u00fcn vermeyen \u00f6zelli\u011fiyle t\u00fcm balkonlara uygulanabilir.<\/p>\n\n\n\n<p><strong>G\u00f6rsel b\u00fct\u00fcnl\u00fck ve 3 farkl\u0131 renk se\u00e7ene\u011fi sayesinde evinizin dekorasyonuna tam uyum sa\u011flar.<\/strong><\/p>\n\n\n\n<p>T\u00fcm balkonlara uyum sa\u011flayan donan\u0131mlar\u0131, manzaradan \u00f6d\u00fcn vermeyen yap\u0131s\u0131 ve t\u00fcm mekanlar\u0131 tamamlayacak 3 farkl\u0131 renk se\u00e7ene\u011fi ile kullan\u0131c\u0131s\u0131na b\u00fct\u00fcnleyici bir alan yarat\u0131r.<\/p>\n\n\n\n<p>Temperli cam uygulamas\u0131 ile r\u00fczgar y\u00fck\u00fc ve olu\u015fabilecek darbelere kar\u015f\u0131 y\u00fcksek dayan\u0131m sa\u011flar.<\/p>\n\n\n\n<p>Sistem \u00fczerinde bulunan gizli su tahliye kanallar\u0131 ile terlemeden kaynakl\u0131 sorunlar\u0131 kolayca ortadan kald\u0131r\u0131r.<\/p>\n\n\n\n<p><strong>Vertex Sistemleri Kullan\u0131c\u0131s\u0131na Neler Sunar?<\/strong><\/p>\n\n\n\n<p>Vertex sistemleri beyaz, naturel eloksal ve titan (bronz) olmak \u00fczere 3 farkl\u0131 renk se\u00e7ene\u011fiyle evinizin mimarisine uyum sa\u011flar. Ayn\u0131 zamanda;<\/p>\n\n\n\n<ul><li>\u00a0Ya\u011fmur suyunu engelleme<\/li><li>\u00a0Temperli cam uygulamas\u0131 ile darbelere kar\u015f\u0131 dayan\u0131m<\/li><li>\u00a0\u00c7ocuk emniyeti<\/li><li>\u00a0Toza kar\u015f\u0131 koruma<\/li><li>\u00a0Ses etkisini azaltma gibi \u00f6zellikleri bulunmaktad\u0131r.<\/li><\/ul>\n\n\n\n<p><strong>Ya\u015fam konforunuz i\u00e7in arad\u0131\u011f\u0131n\u0131z her \u015feyi bir arada sunar.<\/strong><\/p>\n\n\n\n<p>Vertex sistemlerindeki cam-profil ba\u011flant\u0131s\u0131nda kanat tasar\u0131m\u0131 ve kullan\u0131lan \u00f6zel yap\u0131\u015ft\u0131r\u0131c\u0131 sayesinde U.V. dayan\u0131m\u0131 ve yap\u0131\u015fma kuvveti artt\u0131r\u0131lm\u0131\u015ft\u0131r.<\/p>\n\n\n\n<p>Cam-Profil ba\u011flant\u0131s\u0131nda silikon kesinlikle kullan\u0131lmad\u0131\u011f\u0131 i\u00e7in ba\u011flant\u0131 noktalar\u0131nda g\u00fcvenli\u011fi tehdit edecek deformasyonlar olu\u015fmaz. Uzun vadede masrafs\u0131z ve g\u00fcvenli kullan\u0131m sunar.<\/p>\n\n\n\n<p><strong>Cam paneller sadece sa\u011fa, sadece sola veya her iki tarafa da ayr\u0131 ayr\u0131 toplanabilir.<\/strong><\/p>\n\n\n\n<p>Bu \u00f6zelli\u011fi sayesinde uyguland\u0131\u011f\u0131 alanlarda kullan\u0131m kolayl\u0131\u011f\u0131 yarat\u0131rken, kesintisiz manzara imkan\u0131 sunar.<\/p>\n\n\n\n<p>Vertex sistemlerinde \u015feffaf conta yerine al\u00fcminyum fitil kullan\u0131l\u0131r. Bu sayede d\u00fc\u015fey profillerde sararma ve k\u0131r\u0131lma meydana gelmez.<\/p>\n\n\n\n<p>Vertex sistemlerinde cam panellerin alt\u0131nda ve \u00fcst\u00fcnde 32mm \u00e7ap\u0131nda \u00e7ift rulmanl\u0131 4 tekerlek bulunmaktad\u0131r.<\/p>\n\n\n\n<p><strong>Kolay uygulanabilir, kolay kullan\u0131labilir.<\/strong><\/p>\n\n\n\n<p>Vertex sistemlerinde bulunan cam panellerin her iki y\u00fczeyi, g\u00fcvenli ve kolay bir \u015fekilde i\u00e7eriden temizlenebilir.<\/p>\n\n\n\n<p>Vertex sistemleri, kasa uzatma profili ve k\u00f6\u015fe d\u00f6n\u00fc\u015f profilleri ile uygulama yap\u0131lmas\u0131 zor g\u00f6z\u00fcken alanlarda bile kullan\u0131c\u0131s\u0131na \u00e7\u00f6z\u00fcm yarat\u0131r.<\/p>\n\n\n\n<p>Vertex sistemlerinde bulanan gizli su tahliye kanallar\u0131, camda olu\u015fan terleme sorunlar\u0131n\u0131 ortadan kald\u0131r\u0131r.<\/p>\n\n\n\n<p><strong>Cam Balkon Sistemlerinin Do\u011fru Montaj\u0131 Neden \u00d6nemlidir?<\/strong><\/p>\n\n\n\n<p>Do\u011fru montaj\u0131 yap\u0131lm\u0131\u015f Vertex sistemi, kullan\u0131c\u0131s\u0131na g\u00fcvenlikle birlikte, hava, su ve r\u00fczgar yal\u0131t\u0131m\u0131 sa\u011flar.<\/p>\n\n\n\n<h3>Teknik \u00d6zellikler<\/h3>\n\n\n\n<figure class=\"wp-block-table alignleft\"><table><tbody><tr><td><strong>Geni\u015flik<\/strong><\/td><td><strong>:<\/strong>&nbsp;40 mm<\/td><\/tr><tr><td><strong>Conta<\/strong><\/td><td><strong>:<\/strong>&nbsp;TPV \/ F\u0131r\u00e7a Conta<\/td><\/tr><tr><td><strong>Conta Say\u0131s\u0131<\/strong><\/td><td><strong>:<\/strong>&nbsp;\u0130\u00e7 &#8211; D\u0131\u015f \/ \u00c7ift S\u0131ra<\/td><\/tr><tr><td><strong>Kanat Aralar\u0131<\/strong><\/td><td><strong>:<\/strong>&nbsp;Al\u00fcminyum Fitil Profili<\/td><\/tr><tr><td><strong>Cam Uygulamalar\u0131<\/strong><\/td><td><strong>:<\/strong>&nbsp;8 mm Temperli Tek Cam<\/td><\/tr><\/tbody><\/table><\/figure>\n\n\n\n<h3>Renk Se\u00e7enekleri<\/h3>\n\n\n\n<p>Vertex Deceuninck Cam Balkon Sistemleri&nbsp;zengin renk se\u00e7enekleri ile t\u00fcketicilerin beklentilerini kar\u015f\u0131lamaktad\u0131r.<\/p>\n\n\n\n<div class=\"wp-block-image\"><figure class=\"alignleft\"><img decoding=\"async\" src=\"https:\/\/www.egepen.com.tr\/images\/naturel-k.png\" alt=\"Naturel\" title=\"\"\/><\/figure><\/div>\n\n\n\n<div class=\"wp-block-image\"><figure class=\"alignleft\"><img decoding=\"async\" src=\"https:\/\/www.egepen.com.tr\/images\/sedef-beyaz_k.png\" alt=\"Sedef Beyaz\" title=\"\"\/><\/figure><\/div>\n\n\n\n<div class=\"wp-block-image\"><figure class=\"alignleft\"><a href=\"https:\/\/www.egepen.com.tr\/images\/titan.jpg\"><img decoding=\"async\" src=\"https:\/\/www.egepen.com.tr\/images\/titan_k.png\" alt=\"Titan\" title=\"\"\/><\/a><\/figure><\/div>\n\n\n\n<figure class=\"wp-block-image size-large\"><img decoding=\"async\" src=\"https:\/\/www.egepen.com.tr\/egepenTemp\/sm_crp_cd8f9535-436c-425c-9f0b-acdfe6b395ed.jpg\" alt=\"\"\/><\/figure>\n","protected":false},"excerpt":{"rendered":"<p>Genel \u00d6zellikler Vertex Sistemleri, 3 farkl\u0131 renk se\u00e7ene\u011fi ve manzaradan \u00f6d\u00fcn vermeyen \u00f6zelli\u011fiyle t\u00fcm balkonlara uygulanabilir. G\u00f6rsel b\u00fct\u00fcnl\u00fck ve 3<\/p>\n","protected":false},"author":1,"featured_media":0,"parent":0,"menu_order":0,"comment_status":"closed","ping_status":"closed","template":"","meta":[],"_links":{"self":[{"href":"http:\/\/www.farkpen.com\/index.php\/wp-json\/wp\/v2\/pages\/542"}],"collection":[{"href":"http:\/\/www.farkpen.com\/index.php\/wp-json\/wp\/v2\/pages"}],"about":[{"href":"http:\/\/www.farkpen.com\/index.php\/wp-json\/wp\/v2\/types\/page"}],"author":[{"embeddable":true,"href":"http:\/\/www.farkpen.com\/index.php\/wp-json\/wp\/v2\/users\/1"}],"replies":[{"embeddable":true,"href":"http:\/\/www.farkpen.com\/index.php\/wp-json\/wp\/v2\/comments?post=542"}],"version-history":[{"count":1,"href":"http:\/\/www.farkpen.com\/index.php\/wp-json\/wp\/v2\/pages\/542\/revisions"}],"predecessor-version":[{"id":543,"href":"http:\/\/www.farkpen.com\/index.php\/wp-json\/wp\/v2\/pages\/542\/revisions\/543"}],"wp:attachment":[{"href":"http:\/\/www.farkpen.com\/index.php\/wp-json\/wp\/v2\/media?parent=542"}],"curies":[{"name":"wp","href":"https:\/\/api.w.org\/{rel}","templated":true}]}}